{"id":7370,"date":"2018-11-26T13:19:23","date_gmt":"2018-11-26T13:19:23","guid":{"rendered":"http:\/\/www.robertofrancodoamaral.com.br\/blog\/?page_id=7370"},"modified":"2023-05-24T13:12:34","modified_gmt":"2023-05-24T16:12:34","slug":"acoes-sociais","status":"publish","type":"page","link":"https:\/\/www.robertofrancodoamaral.com.br\/blog\/acoes-sociais\/","title":{"rendered":"A\u00e7\u00f5es Sociais"},"content":{"rendered":"\t\t<div data-elementor-type=\"wp-post\" data-elementor-id=\"7370\" class=\"elementor elementor-7370\" data-elementor-post-type=\"page\">\n\t\t\t\t\t\t<section class=\"elementor-section elementor-top-section elementor-element elementor-element-54b82a3 elementor-section-boxed elementor-section-height-default elementor-section-height-default\" data-id=\"54b82a3\" data-element_type=\"section\" data-settings=\"{&quot;background_background&quot;:&quot;classic&quot;}\">\n\t\t\t\t\t\t<div class=\"elementor-container elementor-column-gap-default\">\n\t\t\t\t\t<div class=\"elementor-column elementor-col-100 elementor-top-column elementor-element elementor-element-867477b\" data-id=\"867477b\" data-element_type=\"column\">\n\t\t\t<div class=\"elementor-widget-wrap elementor-element-populated\">\n\t\t\t\t\t\t<div class=\"elementor-element elementor-element-3cbddc0 elementor-widget elementor-widget-heading\" data-id=\"3cbddc0\" data-element_type=\"widget\" data-widget_type=\"heading.default\">\n\t\t\t\t<div class=\"elementor-widget-container\">\n\t\t\t<style>\/*! elementor - v3.22.0 - 26-06-2024 *\/\n.elementor-heading-title{padding:0;margin:0;line-height:1}.elementor-widget-heading .elementor-heading-title[class*=elementor-size-]>a{color:inherit;font-size:inherit;line-height:inherit}.elementor-widget-heading .elementor-heading-title.elementor-size-small{font-size:15px}.elementor-widget-heading .elementor-heading-title.elementor-size-medium{font-size:19px}.elementor-widget-heading .elementor-heading-title.elementor-size-large{font-size:29px}.elementor-widget-heading .elementor-heading-title.elementor-size-xl{font-size:39px}.elementor-widget-heading .elementor-heading-title.elementor-size-xxl{font-size:59px}<\/style><h1 class=\"elementor-heading-title elementor-size-default\">A\u00e7\u00f5es Sociais<\/h1>\t\t<\/div>\n\t\t\t\t<\/div>\n\t\t\t\t<div class=\"elementor-element elementor-element-32e3f58 elementor-widget elementor-widget-spacer\" data-id=\"32e3f58\" data-element_type=\"widget\" data-widget_type=\"spacer.default\">\n\t\t\t\t<div class=\"elementor-widget-container\">\n\t\t\t<style>\/*! elementor - v3.22.0 - 26-06-2024 *\/\n.elementor-column .elementor-spacer-inner{height:var(--spacer-size)}.e-con{--container-widget-width:100%}.e-con-inner>.elementor-widget-spacer,.e-con>.elementor-widget-spacer{width:var(--container-widget-width,var(--spacer-size));--align-self:var(--container-widget-align-self,initial);--flex-shrink:0}.e-con-inner>.elementor-widget-spacer>.elementor-widget-container,.e-con>.elementor-widget-spacer>.elementor-widget-container{height:100%;width:100%}.e-con-inner>.elementor-widget-spacer>.elementor-widget-container>.elementor-spacer,.e-con>.elementor-widget-spacer>.elementor-widget-container>.elementor-spacer{height:100%}.e-con-inner>.elementor-widget-spacer>.elementor-widget-container>.elementor-spacer>.elementor-spacer-inner,.e-con>.elementor-widget-spacer>.elementor-widget-container>.elementor-spacer>.elementor-spacer-inner{height:var(--container-widget-height,var(--spacer-size))}.e-con-inner>.elementor-widget-spacer.elementor-widget-empty,.e-con>.elementor-widget-spacer.elementor-widget-empty{position:relative;min-height:22px;min-width:22px}.e-con-inner>.elementor-widget-spacer.elementor-widget-empty .elementor-widget-empty-icon,.e-con>.elementor-widget-spacer.elementor-widget-empty .elementor-widget-empty-icon{position:absolute;top:0;bottom:0;left:0;right:0;margin:auto;padding:0;width:22px;height:22px}<\/style>\t\t<div class=\"elementor-spacer\">\n\t\t\t<div class=\"elementor-spacer-inner\"><\/div>\n\t\t<\/div>\n\t\t\t\t<\/div>\n\t\t\t\t<\/div>\n\t\t\t\t<div class=\"elementor-element elementor-element-d8fd397 elementor-grid-3 elementor-grid-tablet-2 elementor-grid-mobile-1 elementor-posts--thumbnail-top elementor-card-shadow-yes elementor-posts__hover-gradient elementor-widget elementor-widget-posts\" data-id=\"d8fd397\" data-element_type=\"widget\" data-settings=\"{&quot;cards_columns&quot;:&quot;3&quot;,&quot;cards_columns_tablet&quot;:&quot;2&quot;,&quot;cards_columns_mobile&quot;:&quot;1&quot;,&quot;cards_row_gap&quot;:{&quot;unit&quot;:&quot;px&quot;,&quot;size&quot;:35,&quot;sizes&quot;:[]},&quot;cards_row_gap_tablet&quot;:{&quot;unit&quot;:&quot;px&quot;,&quot;size&quot;:&quot;&quot;,&quot;sizes&quot;:[]},&quot;cards_row_gap_mobile&quot;:{&quot;unit&quot;:&quot;px&quot;,&quot;size&quot;:&quot;&quot;,&quot;sizes&quot;:[]}}\" data-widget_type=\"posts.cards\">\n\t\t\t\t<div class=\"elementor-widget-container\">\n\t\t\t<link rel=\"stylesheet\" href=\"https:\/\/www.robertofrancodoamaral.com.br\/blog\/wp-content\/plugins\/elementor-pro\/assets\/css\/widget-posts.min.css\">\t\t<div class=\"elementor-posts-container elementor-posts elementor-posts--skin-cards elementor-grid\">\n\t\t\t\t<article class=\"elementor-post elementor-grid-item post-8417 post type-post status-publish format-standard has-post-thumbnail hentry category-acoes-sociais\">\n\t\t\t<div class=\"elementor-post__card\">\n\t\t\t\t<a class=\"elementor-post__thumbnail__link\" href=\"https:\/\/www.robertofrancodoamaral.com.br\/blog\/deixe-um-presente-neste-natal-na-clinica-franco-do-amaral\/\" tabindex=\"-1\" ><div class=\"elementor-post__thumbnail\"><img fetchpriority=\"high\" decoding=\"async\" width=\"300\" height=\"300\" src=\"https:\/\/www.robertofrancodoamaral.com.br\/blog\/wp-content\/uploads\/2019\/11\/robertofrancodoamaral.com.br-faca-uma-crianca-feliz-projeto-crianca-300x300.jpg\" class=\"attachment-medium size-medium wp-image-8429\" alt=\"\" srcset=\"https:\/\/www.robertofrancodoamaral.com.br\/blog\/wp-content\/uploads\/2019\/11\/robertofrancodoamaral.com.br-faca-uma-crianca-feliz-projeto-crianca-300x300.jpg 300w, https:\/\/www.robertofrancodoamaral.com.br\/blog\/wp-content\/uploads\/2019\/11\/robertofrancodoamaral.com.br-faca-uma-crianca-feliz-projeto-crianca-150x150.jpg 150w, https:\/\/www.robertofrancodoamaral.com.br\/blog\/wp-content\/uploads\/2019\/11\/robertofrancodoamaral.com.br-faca-uma-crianca-feliz-projeto-crianca-768x768.jpg 768w, https:\/\/www.robertofrancodoamaral.com.br\/blog\/wp-content\/uploads\/2019\/11\/robertofrancodoamaral.com.br-faca-uma-crianca-feliz-projeto-crianca-350x350.jpg 350w, https:\/\/www.robertofrancodoamaral.com.br\/blog\/wp-content\/uploads\/2019\/11\/robertofrancodoamaral.com.br-faca-uma-crianca-feliz-projeto-crianca.jpg 960w\" sizes=\"(max-width: 300px) 100vw, 300px\" \/><\/div><\/a>\n\t\t\t\t<div class=\"elementor-post__badge\">A\u00e7\u00f5es Sociais<\/div>\n\t\t\t\t<div class=\"elementor-post__text\">\n\t\t\t\t<h3 class=\"elementor-post__title\">\n\t\t\t<a href=\"https:\/\/www.robertofrancodoamaral.com.br\/blog\/deixe-um-presente-neste-natal-na-clinica-franco-do-amaral\/\" >\n\t\t\t\tDeixe um presente neste Natal na Cl\u00ednica Franco do Amaral\t\t\t<\/a>\n\t\t<\/h3>\n\t\t\n\t\t<a class=\"elementor-post__read-more\" href=\"https:\/\/www.robertofrancodoamaral.com.br\/blog\/deixe-um-presente-neste-natal-na-clinica-franco-do-amaral\/\" aria-label=\"Read more about Deixe um presente neste Natal na Cl\u00ednica Franco do Amaral\" tabindex=\"-1\" >\n\t\t\tLeia mais\t\t<\/a>\n\n\t\t\t\t<\/div>\n\t\t\t\t<div class=\"elementor-post__meta-data\">\n\t\t\t\t\t<span class=\"elementor-post-date\">\n\t\t\tnovembro 28, 2019\t\t<\/span>\n\t\t\t\t<span class=\"elementor-post-avatar\">\n\t\t\tNenhum coment\u00e1rio\t\t<\/span>\n\t\t\t\t<\/div>\n\t\t\t\t\t<\/div>\n\t\t<\/article>\n\t\t\t\t<article class=\"elementor-post elementor-grid-item post-8044 post type-post status-publish format-standard has-post-thumbnail hentry category-acoes-sociais\">\n\t\t\t<div class=\"elementor-post__card\">\n\t\t\t\t<a class=\"elementor-post__thumbnail__link\" href=\"https:\/\/www.robertofrancodoamaral.com.br\/blog\/projeto-doce-lar-2\/\" tabindex=\"-1\" ><div class=\"elementor-post__thumbnail\"><img decoding=\"async\" width=\"300\" height=\"300\" src=\"https:\/\/www.robertofrancodoamaral.com.br\/blog\/wp-content\/uploads\/2019\/07\/casa-2-300x300.jpg\" class=\"attachment-medium size-medium wp-image-8045\" alt=\"\" srcset=\"https:\/\/www.robertofrancodoamaral.com.br\/blog\/wp-content\/uploads\/2019\/07\/casa-2-300x300.jpg 300w, https:\/\/www.robertofrancodoamaral.com.br\/blog\/wp-content\/uploads\/2019\/07\/casa-2-300x300-150x150.jpg 150w\" sizes=\"(max-width: 300px) 100vw, 300px\" \/><\/div><\/a>\n\t\t\t\t<div class=\"elementor-post__badge\">A\u00e7\u00f5es Sociais<\/div>\n\t\t\t\t<div class=\"elementor-post__text\">\n\t\t\t\t<h3 class=\"elementor-post__title\">\n\t\t\t<a href=\"https:\/\/www.robertofrancodoamaral.com.br\/blog\/projeto-doce-lar-2\/\" >\n\t\t\t\tProjeto Doce Lar 2\t\t\t<\/a>\n\t\t<\/h3>\n\t\t\n\t\t<a class=\"elementor-post__read-more\" href=\"https:\/\/www.robertofrancodoamaral.com.br\/blog\/projeto-doce-lar-2\/\" aria-label=\"Read more about Projeto Doce Lar 2\" tabindex=\"-1\" >\n\t\t\tLeia mais\t\t<\/a>\n\n\t\t\t\t<\/div>\n\t\t\t\t<div class=\"elementor-post__meta-data\">\n\t\t\t\t\t<span class=\"elementor-post-date\">\n\t\t\tjulho 22, 2019\t\t<\/span>\n\t\t\t\t<span class=\"elementor-post-avatar\">\n\t\t\tNenhum coment\u00e1rio\t\t<\/span>\n\t\t\t\t<\/div>\n\t\t\t\t\t<\/div>\n\t\t<\/article>\n\t\t\t\t<article class=\"elementor-post elementor-grid-item post-8038 post type-post status-publish format-standard has-post-thumbnail hentry category-acoes-sociais\">\n\t\t\t<div class=\"elementor-post__card\">\n\t\t\t\t<a class=\"elementor-post__thumbnail__link\" href=\"https:\/\/www.robertofrancodoamaral.com.br\/blog\/doacao-de-sangue\/\" tabindex=\"-1\" ><div class=\"elementor-post__thumbnail\"><img decoding=\"async\" width=\"169\" height=\"300\" src=\"https:\/\/www.robertofrancodoamaral.com.br\/blog\/wp-content\/uploads\/2019\/07\/doacao-de-sangue-576x1024-1-169x300.jpg\" class=\"attachment-medium size-medium wp-image-8039\" alt=\"\" srcset=\"https:\/\/www.robertofrancodoamaral.com.br\/blog\/wp-content\/uploads\/2019\/07\/doacao-de-sangue-576x1024-1-169x300.jpg 169w, https:\/\/www.robertofrancodoamaral.com.br\/blog\/wp-content\/uploads\/2019\/07\/doacao-de-sangue-576x1024-1.jpg 576w, https:\/\/www.robertofrancodoamaral.com.br\/blog\/wp-content\/uploads\/2019\/07\/doacao-de-sangue-576x1024-1-350x622.jpg 350w\" sizes=\"(max-width: 169px) 100vw, 169px\" \/><\/div><\/a>\n\t\t\t\t<div class=\"elementor-post__badge\">A\u00e7\u00f5es Sociais<\/div>\n\t\t\t\t<div class=\"elementor-post__text\">\n\t\t\t\t<h3 class=\"elementor-post__title\">\n\t\t\t<a href=\"https:\/\/www.robertofrancodoamaral.com.br\/blog\/doacao-de-sangue\/\" >\n\t\t\t\tDoa\u00e7\u00e3o de Sangue\t\t\t<\/a>\n\t\t<\/h3>\n\t\t\n\t\t<a class=\"elementor-post__read-more\" href=\"https:\/\/www.robertofrancodoamaral.com.br\/blog\/doacao-de-sangue\/\" aria-label=\"Read more about Doa\u00e7\u00e3o de Sangue\" tabindex=\"-1\" >\n\t\t\tLeia mais\t\t<\/a>\n\n\t\t\t\t<\/div>\n\t\t\t\t<div class=\"elementor-post__meta-data\">\n\t\t\t\t\t<span class=\"elementor-post-date\">\n\t\t\tjulho 22, 2019\t\t<\/span>\n\t\t\t\t<span class=\"elementor-post-avatar\">\n\t\t\tNenhum coment\u00e1rio\t\t<\/span>\n\t\t\t\t<\/div>\n\t\t\t\t\t<\/div>\n\t\t<\/article>\n\t\t\t\t<article class=\"elementor-post elementor-grid-item post-8035 post type-post status-publish format-standard has-post-thumbnail hentry category-acoes-sociais\">\n\t\t\t<div class=\"elementor-post__card\">\n\t\t\t\t<a class=\"elementor-post__thumbnail__link\" href=\"https:\/\/www.robertofrancodoamaral.com.br\/blog\/associacao-cultural-educacional-social-e-assistencial-acesa-capuava\/\" tabindex=\"-1\" ><div class=\"elementor-post__thumbnail\"><img loading=\"lazy\" decoding=\"async\" width=\"171\" height=\"177\" src=\"https:\/\/www.robertofrancodoamaral.com.br\/blog\/wp-content\/uploads\/2019\/07\/logo-acesa.png\" class=\"attachment-medium size-medium wp-image-8036\" alt=\"\" \/><\/div><\/a>\n\t\t\t\t<div class=\"elementor-post__badge\">A\u00e7\u00f5es Sociais<\/div>\n\t\t\t\t<div class=\"elementor-post__text\">\n\t\t\t\t<h3 class=\"elementor-post__title\">\n\t\t\t<a href=\"https:\/\/www.robertofrancodoamaral.com.br\/blog\/associacao-cultural-educacional-social-e-assistencial-acesa-capuava\/\" >\n\t\t\t\tAssocia\u00e7\u00e3o Cultural Educacional Social e Assistencial \u2013 ACESA Capuava\t\t\t<\/a>\n\t\t<\/h3>\n\t\t\n\t\t<a class=\"elementor-post__read-more\" href=\"https:\/\/www.robertofrancodoamaral.com.br\/blog\/associacao-cultural-educacional-social-e-assistencial-acesa-capuava\/\" aria-label=\"Read more about Associa\u00e7\u00e3o Cultural Educacional Social e Assistencial \u2013 ACESA Capuava\" tabindex=\"-1\" >\n\t\t\tLeia mais\t\t<\/a>\n\n\t\t\t\t<\/div>\n\t\t\t\t<div class=\"elementor-post__meta-data\">\n\t\t\t\t\t<span class=\"elementor-post-date\">\n\t\t\tjulho 22, 2019\t\t<\/span>\n\t\t\t\t<span class=\"elementor-post-avatar\">\n\t\t\tNenhum coment\u00e1rio\t\t<\/span>\n\t\t\t\t<\/div>\n\t\t\t\t\t<\/div>\n\t\t<\/article>\n\t\t\t\t<\/div>\n\t\t\n\t\t\t\t<\/div>\n\t\t\t\t<\/div>\n\t\t\t\t<div class=\"elementor-element elementor-element-66940a1 elementor-widget elementor-widget-spacer\" data-id=\"66940a1\" data-element_type=\"widget\" data-widget_type=\"spacer.default\">\n\t\t\t\t<div class=\"elementor-widget-container\">\n\t\t\t\t\t<div class=\"elementor-spacer\">\n\t\t\t<div class=\"elementor-spacer-inner\"><\/div>\n\t\t<\/div>\n\t\t\t\t<\/div>\n\t\t\t\t<\/div>\n\t\t\t\t<div class=\"elementor-element elementor-element-0f33cb6 elementor-widget elementor-widget-heading\" data-id=\"0f33cb6\" data-element_type=\"widget\" data-widget_type=\"heading.default\">\n\t\t\t\t<div class=\"elementor-widget-container\">\n\t\t\t<h2 class=\"elementor-heading-title elementor-size-default\">Mais lidos<\/h2>\t\t<\/div>\n\t\t\t\t<\/div>\n\t\t\t\t<div class=\"elementor-element elementor-element-188fbee elementor-widget elementor-widget-spacer\" data-id=\"188fbee\" data-element_type=\"widget\" data-widget_type=\"spacer.default\">\n\t\t\t\t<div class=\"elementor-widget-container\">\n\t\t\t\t\t<div class=\"elementor-spacer\">\n\t\t\t<div class=\"elementor-spacer-inner\"><\/div>\n\t\t<\/div>\n\t\t\t\t<\/div>\n\t\t\t\t<\/div>\n\t\t\t\t<div class=\"elementor-element elementor-element-1d8e7e1 top-view elementor-widget elementor-widget-wp-widget-wpp\" data-id=\"1d8e7e1\" data-element_type=\"widget\" data-widget_type=\"wp-widget-wpp.default\">\n\t\t\t\t<div class=\"elementor-widget-container\">\n\t\t\t\n\n\n\n\t\t<\/div>\n\t\t\t\t<\/div>\n\t\t\t\t\t<\/div>\n\t\t<\/div>\n\t\t\t\t\t<\/div>\n\t\t<\/section>\n\t\t\t\t<\/div>\n\t\t","protected":false},"excerpt":{"rendered":"<p>A\u00e7\u00f5es Sociais Mais lidos<\/p>\n","protected":false},"author":1,"featured_media":0,"parent":0,"menu_order":0,"comment_status":"closed","ping_status":"closed","template":"","meta":{"om_disable_all_campaigns":false,"_monsterinsights_skip_tracking":false,"_monsterinsights_sitenote_active":false,"_monsterinsights_sitenote_note":"","_monsterinsights_sitenote_category":0,"_uf_show_specific_survey":0,"_uf_disable_surveys":false,"footnotes":""},"yoast_head":"<!-- This site is optimized with the Yoast SEO plugin v23.0 - https:\/\/yoast.com\/wordpress\/plugins\/seo\/ -->\n<title>A\u00e7\u00f5es Sociais - Dr. Roberto Franco do Amaral Neto<\/title>\n<meta name=\"robots\" content=\"index, follow, max-snippet:-1, max-image-preview:large, max-video-preview:-1\" \/>\n<link rel=\"canonical\" href=\"https:\/\/www.robertofrancodoamaral.com.br\/blog\/acoes-sociais\/\" \/>\n<meta property=\"og:locale\" content=\"pt_BR\" \/>\n<meta property=\"og:type\" content=\"article\" \/>\n<meta property=\"og:title\" content=\"A\u00e7\u00f5es Sociais - Dr. Roberto Franco do Amaral Neto\" \/>\n<meta property=\"og:description\" content=\"A\u00e7\u00f5es Sociais Mais lidos\" \/>\n<meta property=\"og:url\" content=\"https:\/\/www.robertofrancodoamaral.com.br\/blog\/acoes-sociais\/\" \/>\n<meta property=\"og:site_name\" content=\"Dr. Roberto Franco do Amaral Neto\" \/>\n<meta property=\"article:modified_time\" content=\"2023-05-24T16:12:34+00:00\" \/>\n<meta name=\"twitter:card\" content=\"summary_large_image\" \/>\n<meta name=\"twitter:label1\" content=\"Est. tempo de leitura\" \/>\n\t<meta name=\"twitter:data1\" content=\"2 minutos\" \/>\n<script type=\"application\/ld+json\" class=\"yoast-schema-graph\">{\"@context\":\"https:\/\/schema.org\",\"@graph\":[{\"@type\":\"WebPage\",\"@id\":\"https:\/\/www.robertofrancodoamaral.com.br\/blog\/acoes-sociais\/\",\"url\":\"https:\/\/www.robertofrancodoamaral.com.br\/blog\/acoes-sociais\/\",\"name\":\"A\u00e7\u00f5es Sociais - Dr. Roberto Franco do Amaral Neto\",\"isPartOf\":{\"@id\":\"https:\/\/www.robertofrancodoamaral.com.br\/blog\/#website\"},\"datePublished\":\"2018-11-26T13:19:23+00:00\",\"dateModified\":\"2023-05-24T16:12:34+00:00\",\"breadcrumb\":{\"@id\":\"https:\/\/www.robertofrancodoamaral.com.br\/blog\/acoes-sociais\/#breadcrumb\"},\"inLanguage\":\"pt-BR\",\"potentialAction\":[{\"@type\":\"ReadAction\",\"target\":[\"https:\/\/www.robertofrancodoamaral.com.br\/blog\/acoes-sociais\/\"]}]},{\"@type\":\"BreadcrumbList\",\"@id\":\"https:\/\/www.robertofrancodoamaral.com.br\/blog\/acoes-sociais\/#breadcrumb\",\"itemListElement\":[{\"@type\":\"ListItem\",\"position\":1,\"name\":\"In\u00edcio\",\"item\":\"https:\/\/www.robertofrancodoamaral.com.br\/blog\/\"},{\"@type\":\"ListItem\",\"position\":2,\"name\":\"A\u00e7\u00f5es Sociais\"}]},{\"@type\":\"WebSite\",\"@id\":\"https:\/\/www.robertofrancodoamaral.com.br\/blog\/#website\",\"url\":\"https:\/\/www.robertofrancodoamaral.com.br\/blog\/\",\"name\":\"Dr. Roberto Franco do Amaral Neto\",\"description\":\"Sa\u00fade n\u00e3o \u00e9 aus\u00eancia de doen\u00e7a\",\"publisher\":{\"@id\":\"https:\/\/www.robertofrancodoamaral.com.br\/blog\/#\/schema\/person\/5bf9fd398d4bf2c6860d1a82d3aae3b6\"},\"potentialAction\":[{\"@type\":\"SearchAction\",\"target\":{\"@type\":\"EntryPoint\",\"urlTemplate\":\"https:\/\/www.robertofrancodoamaral.com.br\/blog\/?s={search_term_string}\"},\"query-input\":\"required name=search_term_string\"}],\"inLanguage\":\"pt-BR\"},{\"@type\":[\"Person\",\"Organization\"],\"@id\":\"https:\/\/www.robertofrancodoamaral.com.br\/blog\/#\/schema\/person\/5bf9fd398d4bf2c6860d1a82d3aae3b6\",\"name\":\"Dr. Roberto Franco do Amaral Neto\",\"image\":{\"@type\":\"ImageObject\",\"inLanguage\":\"pt-BR\",\"@id\":\"https:\/\/www.robertofrancodoamaral.com.br\/blog\/#\/schema\/person\/image\/\",\"url\":\"https:\/\/www.robertofrancodoamaral.com.br\/blog\/wp-content\/uploads\/2020\/06\/robertofrancodoamaral.com.br-dr-roberto-nobg-400.png\",\"contentUrl\":\"https:\/\/www.robertofrancodoamaral.com.br\/blog\/wp-content\/uploads\/2020\/06\/robertofrancodoamaral.com.br-dr-roberto-nobg-400.png\",\"width\":400,\"height\":364,\"caption\":\"Dr. Roberto Franco do Amaral Neto\"},\"logo\":{\"@id\":\"https:\/\/www.robertofrancodoamaral.com.br\/blog\/#\/schema\/person\/image\/\"},\"sameAs\":[\"https:\/\/robertofrancodoamaral.com.br\/\"]}]}<\/script>\n<!-- \/ Yoast SEO plugin. -->","yoast_head_json":{"title":"A\u00e7\u00f5es Sociais - Dr. Roberto Franco do Amaral Neto","robots":{"index":"index","follow":"follow","max-snippet":"max-snippet:-1","max-image-preview":"max-image-preview:large","max-video-preview":"max-video-preview:-1"},"canonical":"https:\/\/www.robertofrancodoamaral.com.br\/blog\/acoes-sociais\/","og_locale":"pt_BR","og_type":"article","og_title":"A\u00e7\u00f5es Sociais - Dr. Roberto Franco do Amaral Neto","og_description":"A\u00e7\u00f5es Sociais Mais lidos","og_url":"https:\/\/www.robertofrancodoamaral.com.br\/blog\/acoes-sociais\/","og_site_name":"Dr. Roberto Franco do Amaral Neto","article_modified_time":"2023-05-24T16:12:34+00:00","twitter_card":"summary_large_image","twitter_misc":{"Est. tempo de leitura":"2 minutos"},"schema":{"@context":"https:\/\/schema.org","@graph":[{"@type":"WebPage","@id":"https:\/\/www.robertofrancodoamaral.com.br\/blog\/acoes-sociais\/","url":"https:\/\/www.robertofrancodoamaral.com.br\/blog\/acoes-sociais\/","name":"A\u00e7\u00f5es Sociais - Dr. Roberto Franco do Amaral Neto","isPartOf":{"@id":"https:\/\/www.robertofrancodoamaral.com.br\/blog\/#website"},"datePublished":"2018-11-26T13:19:23+00:00","dateModified":"2023-05-24T16:12:34+00:00","breadcrumb":{"@id":"https:\/\/www.robertofrancodoamaral.com.br\/blog\/acoes-sociais\/#breadcrumb"},"inLanguage":"pt-BR","potentialAction":[{"@type":"ReadAction","target":["https:\/\/www.robertofrancodoamaral.com.br\/blog\/acoes-sociais\/"]}]},{"@type":"BreadcrumbList","@id":"https:\/\/www.robertofrancodoamaral.com.br\/blog\/acoes-sociais\/#breadcrumb","itemListElement":[{"@type":"ListItem","position":1,"name":"In\u00edcio","item":"https:\/\/www.robertofrancodoamaral.com.br\/blog\/"},{"@type":"ListItem","position":2,"name":"A\u00e7\u00f5es Sociais"}]},{"@type":"WebSite","@id":"https:\/\/www.robertofrancodoamaral.com.br\/blog\/#website","url":"https:\/\/www.robertofrancodoamaral.com.br\/blog\/","name":"Dr. Roberto Franco do Amaral Neto","description":"Sa\u00fade n\u00e3o \u00e9 aus\u00eancia de doen\u00e7a","publisher":{"@id":"https:\/\/www.robertofrancodoamaral.com.br\/blog\/#\/schema\/person\/5bf9fd398d4bf2c6860d1a82d3aae3b6"},"potentialAction":[{"@type":"SearchAction","target":{"@type":"EntryPoint","urlTemplate":"https:\/\/www.robertofrancodoamaral.com.br\/blog\/?s={search_term_string}"},"query-input":"required name=search_term_string"}],"inLanguage":"pt-BR"},{"@type":["Person","Organization"],"@id":"https:\/\/www.robertofrancodoamaral.com.br\/blog\/#\/schema\/person\/5bf9fd398d4bf2c6860d1a82d3aae3b6","name":"Dr. Roberto Franco do Amaral Neto","image":{"@type":"ImageObject","inLanguage":"pt-BR","@id":"https:\/\/www.robertofrancodoamaral.com.br\/blog\/#\/schema\/person\/image\/","url":"https:\/\/www.robertofrancodoamaral.com.br\/blog\/wp-content\/uploads\/2020\/06\/robertofrancodoamaral.com.br-dr-roberto-nobg-400.png","contentUrl":"https:\/\/www.robertofrancodoamaral.com.br\/blog\/wp-content\/uploads\/2020\/06\/robertofrancodoamaral.com.br-dr-roberto-nobg-400.png","width":400,"height":364,"caption":"Dr. Roberto Franco do Amaral Neto"},"logo":{"@id":"https:\/\/www.robertofrancodoamaral.com.br\/blog\/#\/schema\/person\/image\/"},"sameAs":["https:\/\/robertofrancodoamaral.com.br\/"]}]}},"_links":{"self":[{"href":"https:\/\/www.robertofrancodoamaral.com.br\/blog\/wp-json\/wp\/v2\/pages\/7370"}],"collection":[{"href":"https:\/\/www.robertofrancodoamaral.com.br\/blog\/wp-json\/wp\/v2\/pages"}],"about":[{"href":"https:\/\/www.robertofrancodoamaral.com.br\/blog\/wp-json\/wp\/v2\/types\/page"}],"author":[{"embeddable":true,"href":"https:\/\/www.robertofrancodoamaral.com.br\/blog\/wp-json\/wp\/v2\/users\/1"}],"replies":[{"embeddable":true,"href":"https:\/\/www.robertofrancodoamaral.com.br\/blog\/wp-json\/wp\/v2\/comments?post=7370"}],"version-history":[{"count":0,"href":"https:\/\/www.robertofrancodoamaral.com.br\/blog\/wp-json\/wp\/v2\/pages\/7370\/revisions"}],"wp:attachment":[{"href":"https:\/\/www.robertofrancodoamaral.com.br\/blog\/wp-json\/wp\/v2\/media?parent=7370"}],"curies":[{"name":"wp","href":"https:\/\/api.w.org\/{rel}","templated":true}]}}